{"id":4526,"date":"2019-11-11T12:19:17","date_gmt":"2019-11-11T12:19:17","guid":{"rendered":"https:\/\/elektro-linden.com\/mentions-legales-vie-privee\/"},"modified":"2019-11-20T08:20:18","modified_gmt":"2019-11-20T08:20:18","slug":"mentions-legales-vie-privee","status":"publish","type":"page","link":"https:\/\/elektro-linden.com\/fr\/mentions-legales-vie-privee\/","title":{"rendered":"Mentions l\u00e9gales &amp; vie priv\u00e9e"},"content":{"rendered":"<div id='av-layout-grid-1'  class='av-layout-grid-container av-dhz5d-404e2022ef97525292bb05f5d6511cc5 entry-content-wrapper main_color av-flex-cells  avia-builder-el-0  el_before_av_one_half  avia-builder-el-first   container_wrap sidebar_right'  >\n\n<style type=\"text\/css\" data-created_by=\"avia_inline_auto\" id=\"style-css-av-2ao47l-9269f390936d0d9ef37b90280e9e8e22\">\n.flex_cell.av-2ao47l-9269f390936d0d9ef37b90280e9e8e22{\nvertical-align:top;\n}\n.responsive #top #wrap_all .flex_cell.av-2ao47l-9269f390936d0d9ef37b90280e9e8e22{\npadding:0px 0px 0px 0px !important;\n}\n<\/style>\n<div class='flex_cell av-2ao47l-9269f390936d0d9ef37b90280e9e8e22 av-gridrow-cell av_one_full no_margin  avia-builder-el-1  avia-builder-el-no-sibling  content-align-top av-zero-padding'  ><div class='flex_cell_inner'>\n<style type=\"text\/css\" data-created_by=\"avia_inline_auto\" id=\"style-css-av-jxylr39d-d1a9abddeb08bcec4f239293936b5f15\">\n.avia-image-container.av-jxylr39d-d1a9abddeb08bcec4f239293936b5f15 img.avia_image{\nbox-shadow:none;\n}\n.avia-image-container.av-jxylr39d-d1a9abddeb08bcec4f239293936b5f15 .av-image-caption-overlay-center{\ncolor:#ffffff;\n}\n<\/style>\n<div  class='avia-image-container av-jxylr39d-d1a9abddeb08bcec4f239293936b5f15 av-styling- avia-align-center  avia-builder-el-2  avia-builder-el-no-sibling '   itemprop=\"image\" itemscope=\"itemscope\" itemtype=\"https:\/\/schema.org\/ImageObject\" ><div class=\"avia-image-container-inner\"><div class=\"avia-image-overlay-wrap\"><img decoding=\"async\" fetchpriority=\"high\" class='wp-image-4442 avia-img-lazy-loading-not-4442 avia_image ' src=\"https:\/\/elektro-linden.com\/wp-content\/uploads\/2019\/07\/Elektro-linden-header-showroom-aussenansicht.jpg\" alt='' title='Elektro-linden-header-showroom-aussenansicht'  height=\"240\" width=\"1850\"  itemprop=\"thumbnailUrl\" srcset=\"https:\/\/elektro-linden.com\/wp-content\/uploads\/2019\/07\/Elektro-linden-header-showroom-aussenansicht.jpg 1850w, https:\/\/elektro-linden.com\/wp-content\/uploads\/2019\/07\/Elektro-linden-header-showroom-aussenansicht-300x39.jpg 300w, https:\/\/elektro-linden.com\/wp-content\/uploads\/2019\/07\/Elektro-linden-header-showroom-aussenansicht-768x100.jpg 768w, https:\/\/elektro-linden.com\/wp-content\/uploads\/2019\/07\/Elektro-linden-header-showroom-aussenansicht-1030x134.jpg 1030w, https:\/\/elektro-linden.com\/wp-content\/uploads\/2019\/07\/Elektro-linden-header-showroom-aussenansicht-1500x195.jpg 1500w, https:\/\/elektro-linden.com\/wp-content\/uploads\/2019\/07\/Elektro-linden-header-showroom-aussenansicht-705x91.jpg 705w, https:\/\/elektro-linden.com\/wp-content\/uploads\/2019\/07\/Elektro-linden-header-showroom-aussenansicht-450x58.jpg 450w\" sizes=\"(max-width: 1850px) 100vw, 1850px\" \/><\/div><\/div><\/div>\n<\/div><\/div>\n<\/div><div id='after_grid_row_1'  class='main_color av_default_container_wrap container_wrap sidebar_right'  ><div class='container av-section-cont-open' ><div class='template-page content  av-content-small alpha units'><div class='post-entry post-entry-type-page post-entry-4526'><div class='entry-content-wrapper clearfix'>\n\n<style type=\"text\/css\" data-created_by=\"avia_inline_auto\" id=\"style-css-av-4ovolt-21bdcc33b16952a882168aba344068bf\">\n.flex_column.av-4ovolt-21bdcc33b16952a882168aba344068bf{\nborder-radius:0px 0px 0px 0px;\npadding:0px 0px 0px 0px;\n}\n<\/style>\n<div  class='flex_column av-4ovolt-21bdcc33b16952a882168aba344068bf av_one_half  avia-builder-el-3  el_after_av_layout_row  el_before_av_one_half  avia-builder-el-first  first flex_column_div av-zero-column-padding  '     ><section  class='av_textblock_section av-jxq1hjc1-1e66de2e83c654611d49a0b864addcf0 '   itemscope=\"itemscope\" itemtype=\"https:\/\/schema.org\/CreativeWork\" ><div class='avia_textblock'  itemprop=\"text\" ><article id=\"maincontent\" class=\"left_float\">\n<div class=\"columnsection clearfix\">\n<div class=\"column one_full\">\n<div class=\"rex4mod1_editor\">\n<h2><span style=\"color: #4d8ac5;\">Editeur responsable<\/span><\/h2>\n<p><strong>Elektro Linden<\/strong><br \/>\nMalmedyer Strasse 57<br \/>\nB-4750 B\u00fctgenbach<br \/>\nT\u00e9l.: 080 446 768<br \/>\nFax: 080 444 160<br \/>\nEmail: <a title=\"info@elektro-linden.com\" href=\"mailto:info@elektro-linden.com\">info@elektro-linden.com<\/a><\/p>\n<\/div>\n<p>Nr TVA: BE 0436 889 186<\/p>\n<div class=\"rex4mod1_editor\">\n<h2><span style=\"color: #4d8ac5;\">Copyright<\/span><\/h2>\n<p>\u00a9 2019 Elektro Linden<br \/>\nTous les contenus de ce site Web (textes, donn\u00e9es, illustrations, photos, graphiques, logos, descriptions de produits, etc.) sont prot\u00e9g\u00e9s par le droit d&rsquo;auteur. Tous les noms de soci\u00e9t\u00e9s et de marques donn\u00e9s, ainsi que leurs marques, sont la propri\u00e9t\u00e9 de leurs propri\u00e9taires et servent uniquement \u00e0 l&rsquo;identification et \u00e0 la description des produits.<\/p>\n<p>\u00a9Images :<\/p>\n<ul>\n<li>Elektro Linden<\/li>\n<li>Architekturb\u00fcro Archiplan &#8211; Marcel Palm<\/li>\n<li>Expert<\/li>\n<li>Adobe Stock<\/li>\n<li>Batter X<\/li>\n<li>Ochsner<\/li>\n<li>Elkatherm<\/li>\n<li>Gossmann<\/li>\n<\/ul>\n<h3><\/h3>\n<h2>Mentions l\u00e9gales et conditions d&rsquo;utilisation<\/h2>\n<h3>Conditions d&rsquo;acc\u00e8s au site<\/h3>\n<p>Toute personne (ci-apr\u00e8s \u00ab\u00a0l&rsquo;utilisateur\u00a0\u00bb) acc\u00e9dant au pr\u00e9sent site (ci-apr\u00e8s \u00ab\u00a0le site\u00a0\u00bb) est pr\u00e9sum\u00e9e avoir accept\u00e9 de fa\u00e7on inconditionnelle l&rsquo;ensemble des dispositions et des conditions d&rsquo;utilisation du site. Le site est accessible \u00e0 tout moment partout dans le monde. L&rsquo;utilisateur qui s&rsquo;y connecte porte seul la responsabilit\u00e9 de se conformer au respect des l\u00e9gislations et\/ou r\u00e9glementations en vigueur dans le pays o\u00f9 il r\u00e9side ou de celui d&rsquo;o\u00f9 il se connecte au site.<\/p>\n<h3>Modification des pr\u00e9sentes conditions d&rsquo;utilisation, comp\u00e9tence et droit applicable<\/h3>\n<p>Les pr\u00e9sentes conditions d&rsquo;utilisation peuvent \u00eatre modifi\u00e9es par l&rsquo;\u00e9diteur \u00e0 tout moment. Les conditions d&rsquo;utilisation applicables \u00e0 toute utilisation du site sont celles disponibles et publi\u00e9es sur le site au moment de sa consultation par l&rsquo;utilisateur. La nullit\u00e9 ou non-validit\u00e9 d&rsquo;une disposition des pr\u00e9sentes conditions d&rsquo;utilisation ne porte pas pr\u00e9judice \u00e0 la validit\u00e9 des autres dispositions des pr\u00e9sentes conditions.<\/p>\n<h3>Non-responsabilit\u00e9<\/h3>\n<p>M\u00eame si toutes les informations du site ont fait l&rsquo;objet d&rsquo;une v\u00e9rification minutieuse, elles sont diffus\u00e9es \u00e0 titre purement indicatif. En aucun cas, l&rsquo;\u00e9diteur ne peut \u00eatre tenu responsable de l&rsquo;exactitude des informations indiqu\u00e9es ni donner la garantie que les donn\u00e9es soient compl\u00e8tes, pr\u00e9cises ou actuelles. Tous les renseignements sont donn\u00e9s sous r\u00e9serve de modification, d&rsquo;erreur ou d&rsquo;omission. L&rsquo;\u00e9diteur se d\u00e9gage \u00e9galement de toute responsabilit\u00e9 en ce qui concerne les contenus provenant de tiers vers lesquels le site fait des hyperliens. Enfin, l&rsquo;\u00e9diteur d\u00e9cline toute responsabilit\u00e9 et exclut toute garantie en cas d&rsquo;interruption ou mauvais fonctionnement du site. L&rsquo;\u00e9diteur ne pourra pas non plus \u00eatre tenu responsable pour des dommages directs ou indirects que l&rsquo;utilisateur pourrait encourir \u00e0 la suite d&rsquo;un acc\u00e8s au site ou de son utilisation. .<\/p>\n<\/div>\n<hr \/>\n<div class=\"rex4mod1_editor\">\n<h2><\/h2>\n<h2><span style=\"color: #4d8ac5;\">Respect de la vie priv\u00e9e et protection de donn\u00e9es<\/span><\/h2>\n<h3>Traitement des donn\u00e9es personnelles<\/h3>\n<p>Des donn\u00e9es \u00e0 caract\u00e8re personnel ne pourront \u00eatre recueillies et trait\u00e9es que conform\u00e9ment aux r\u00e8gles relatives aux lois sur la protection des donn\u00e9es. Dans certains cas, notamment lorsque l&rsquo;utilisateur remplit un formulaire sur le site et le renvoie, il est possible que certaines donn\u00e9es personnelles soient enregistr\u00e9es sur le serveur. Ces informations sont consid\u00e9r\u00e9es comme confidentielles et trait\u00e9es en tant que telles, elles ne seront donc jamais vendues ou transmises \u00e0 des tiers sans son approbation pr\u00e9alable. Si le site dispose d&rsquo;une newsletter, l&rsquo;utilisateur peut s&rsquo;y inscrire pour recevoir r\u00e9guli\u00e8rement des informations par e-mail. Dans ce cas, l&rsquo;\u00e9diteur a besoin d&rsquo;une adresse e-mail valide que l&rsquo;utilisateur qui s&rsquo;inscrit \u00e0 la newsletter accepte de communiquer via le formulaire ad hoc. L&rsquo;utilisateur confirme \u00eatre le propri\u00e9taire de ladite adresse e-mail ainsi communiqu\u00e9e et marque son accord pour recevoir les diff\u00e9rents e-mails envoy\u00e9s par le site et\/ou l&rsquo;\u00e9diteur. L&rsquo;utilisateur a le droit de se d\u00e9sinscrire \u00e0 tout moment. L&rsquo;utilisateur a le droit de consulter ses donn\u00e9es personnelles afin de v\u00e9rifier leur exactitude et de faire corriger toutes \u00e9ventuelles erreurs en adressant une demande par courrier recommand\u00e9 \u00e0 l&rsquo;\u00e9diteur du site dont les coordonn\u00e9es figurent ci-dessus.<\/p>\n<h3>Utilisation des cookies<\/h3>\n<p>Ce site Internet utilise des cookies. Comme la majorit\u00e9 des sites, celui-ci utilise des cookies. Les cookies sont des petits fichiers textes inoffensifs qui n&rsquo;affectent en aucun cas votre vie priv\u00e9e ni la s\u00e9curit\u00e9 de votre ordinateur. Les cookies augmentent le confort de l&rsquo;utilisateur sur le site et permettent \u00e0 l&rsquo;\u00e9diteur d&rsquo;obtenir des statistiques anonymes sur la fr\u00e9quentation du site. Pour savoir comment interdire ou supprimer les cookies sur votre ordinateur, reportez-vous \u00e0 la documentation de votre navigateur. L&rsquo;\u00e9diteur informe l&rsquo;utilisateur que le site fait usage de cookies pour augmenter le confort d&rsquo;utilisation du site, en augmenter la performance et d&rsquo;\u00e9tablir les statistiques de fr\u00e9quentation. Comme le site ne peut fonctionner sans utiliser ces cookies, nous invitons tout utilisateur en d\u00e9saccord avec leur utilisation d&rsquo;abandonner imm\u00e9diatement leur session de navigation sur le site.<\/p>\n<h3>Utilisation de Google Analytics<\/h3>\n<p>Ce site utilise Google Analytics, un service d&rsquo;analyse de site internet fourni par Google Inc. (\u00ab Google \u00bb). Google Analytics utilise des cookies, qui sont des fichiers texte plac\u00e9s sur votre ordinateur, pour aider le site internet \u00e0 analyser l&rsquo;utilisation du site par ses utilisateurs. Les donn\u00e9es g\u00e9n\u00e9r\u00e9es par les cookies concernant votre utilisation du site (y compris votre adresse IP) seront transmises et stock\u00e9es par Google sur des serveurs situ\u00e9s aux Etats-Unis. Google utilisera cette information dans le but d&rsquo;\u00e9valuer votre utilisation du site, de compiler des rapports sur l&rsquo;activit\u00e9 du site \u00e0 destination de son \u00e9diteur et de fournir d&rsquo;autres services relatifs \u00e0 l&rsquo;activit\u00e9 du site et \u00e0 l&rsquo;utilisation d&rsquo;Internet. Google est susceptible de communiquer ces donn\u00e9es \u00e0 des tiers en cas d&rsquo;obligation l\u00e9gale ou lorsque ces tiers traitent ces donn\u00e9es pour le compte de Google, y compris notamment l&rsquo;\u00e9diteur de ce site. Google ne recoupera pas votre adresse IP avec toute autre donn\u00e9e d\u00e9tenue par Google. Vous pouvez d\u00e9sactiver l&rsquo;utilisation de cookies en s\u00e9lectionnant les param\u00e8tres appropri\u00e9s de votre navigateur. Cependant, une telle d\u00e9sactivation pourrait emp\u00eacher l&rsquo;utilisation de certaines fonctionnalit\u00e9s de ce site. En utilisant ce site internet, vous consentez express\u00e9ment au traitement de vos donn\u00e9es nominatives par Google dans les conditions et pour les finalit\u00e9s d\u00e9crites ci-dessus.<\/p>\n<\/div>\n<\/div>\n<\/div>\n<\/article>\n<\/div><\/section><\/div>\n<style type=\"text\/css\" data-created_by=\"avia_inline_auto\" id=\"style-css-av-21b6kx-6d3e1e6de1780834302b868f2a6bd1ed\">\n.flex_column.av-21b6kx-6d3e1e6de1780834302b868f2a6bd1ed{\nborder-radius:0px 0px 0px 0px;\npadding:0px 0px 0px 0px;\n}\n<\/style>\n<div  class='flex_column av-21b6kx-6d3e1e6de1780834302b868f2a6bd1ed av_one_half  avia-builder-el-5  el_after_av_one_half  avia-builder-el-last  flex_column_div av-zero-column-padding  '     ><section  class='av_textblock_section av-jxq1hjc1-1e66de2e83c654611d49a0b864addcf0 '   itemscope=\"itemscope\" itemtype=\"https:\/\/schema.org\/CreativeWork\" ><div class='avia_textblock'  itemprop=\"text\" ><article id=\"maincontent\" class=\"left_float\">\n<div class=\"columnsection clearfix\">\n<div class=\"column one_full\">\n<div class=\"rex4mod1_editor\">\n<h2><span style=\"color: #4d8ac5;\">Cr\u00e9ation<\/span><\/h2>\n<p>INDIGO PGmbH<br \/>\nFriedensstr. 10<br \/>\nB-4780 SANKT VITH<br \/>\nBelgien<\/p>\n<p>Tel.: +32 (0)80 280 281<br \/>\nFax: +32 (0)80 280 288<br \/>\nE-Mail: info@indigo.info<\/p>\n<p><a href=\"http:\/\/www.indigo.info\/cms\/index.php\" target=\"_blank\" rel=\"noopener noreferrer\">www.indigo.info<\/a><\/p>\n<p><span style=\"color: #4d8ac5; font-size: 28px; font-weight: 600;\">Hosting<\/span><\/p>\n<h4>Host Europe GmbH<\/h4>\n<p>Welserstra\u00dfe 14<br \/>\n51149 Cologne<br \/>\nGermany<\/p>\n<p>REG ID: HRB 28495<br \/>\nVAT ID: DE187370678<\/p>\n<\/div>\n<\/div>\n<\/div>\n<\/article>\n<\/div><\/section><\/div><\/p>\n","protected":false},"excerpt":{"rendered":"","protected":false},"author":1,"featured_media":0,"parent":0,"menu_order":0,"comment_status":"closed","ping_status":"closed","template":"","meta":{"_monsterinsights_skip_tracking":false,"_monsterinsights_sitenote_active":false,"_monsterinsights_sitenote_note":"","_monsterinsights_sitenote_category":0,"footnotes":""},"class_list":["post-4526","page","type-page","status-publish","hentry"],"yoast_head":"<!-- This site is optimized with the Yoast SEO plugin v27.5 - https:\/\/yoast.com\/product\/yoast-seo-wordpress\/ -->\n<title>Mentions l\u00e9gales &amp; vie priv\u00e9e - Elektro Linden<\/title>\n<meta name=\"robots\" content=\"index, follow, max-snippet:-1, max-image-preview:large, max-video-preview:-1\" \/>\n<link rel=\"canonical\" href=\"https:\/\/elektro-linden.com\/fr\/mentions-legales-vie-privee\/\" \/>\n<meta property=\"og:locale\" content=\"fr_FR\" \/>\n<meta property=\"og:type\" content=\"article\" \/>\n<meta property=\"og:title\" content=\"Mentions l\u00e9gales &amp; vie priv\u00e9e - Elektro Linden\" \/>\n<meta property=\"og:url\" content=\"https:\/\/elektro-linden.com\/fr\/mentions-legales-vie-privee\/\" \/>\n<meta property=\"og:site_name\" content=\"Elektro Linden\" \/>\n<meta property=\"article:modified_time\" content=\"2019-11-20T08:20:18+00:00\" \/>\n<meta name=\"twitter:card\" content=\"summary_large_image\" \/>\n<meta name=\"twitter:label1\" content=\"Dur\u00e9e de lecture estim\u00e9e\" \/>\n\t<meta name=\"twitter:data1\" content=\"8 minutes\" \/>\n<script type=\"application\/ld+json\" class=\"yoast-schema-graph\">{\"@context\":\"https:\\\/\\\/schema.org\",\"@graph\":[{\"@type\":\"WebPage\",\"@id\":\"https:\\\/\\\/elektro-linden.com\\\/fr\\\/mentions-legales-vie-privee\\\/\",\"url\":\"https:\\\/\\\/elektro-linden.com\\\/fr\\\/mentions-legales-vie-privee\\\/\",\"name\":\"Mentions l\u00e9gales &amp; vie priv\u00e9e - Elektro Linden\",\"isPartOf\":{\"@id\":\"https:\\\/\\\/elektro-linden.com\\\/#website\"},\"datePublished\":\"2019-11-11T12:19:17+00:00\",\"dateModified\":\"2019-11-20T08:20:18+00:00\",\"breadcrumb\":{\"@id\":\"https:\\\/\\\/elektro-linden.com\\\/fr\\\/mentions-legales-vie-privee\\\/#breadcrumb\"},\"inLanguage\":\"fr-FR\",\"potentialAction\":[{\"@type\":\"ReadAction\",\"target\":[\"https:\\\/\\\/elektro-linden.com\\\/fr\\\/mentions-legales-vie-privee\\\/\"]}]},{\"@type\":\"BreadcrumbList\",\"@id\":\"https:\\\/\\\/elektro-linden.com\\\/fr\\\/mentions-legales-vie-privee\\\/#breadcrumb\",\"itemListElement\":[{\"@type\":\"ListItem\",\"position\":1,\"name\":\"Startseite\",\"item\":\"https:\\\/\\\/elektro-linden.com\\\/fr\\\/\"},{\"@type\":\"ListItem\",\"position\":2,\"name\":\"Mentions l\u00e9gales &amp; vie priv\u00e9e\"}]},{\"@type\":\"WebSite\",\"@id\":\"https:\\\/\\\/elektro-linden.com\\\/#website\",\"url\":\"https:\\\/\\\/elektro-linden.com\\\/\",\"name\":\"Elektro Linden\",\"description\":\"Ihr Elektropartner aus Ostbelgien\",\"potentialAction\":[{\"@type\":\"SearchAction\",\"target\":{\"@type\":\"EntryPoint\",\"urlTemplate\":\"https:\\\/\\\/elektro-linden.com\\\/?s={search_term_string}\"},\"query-input\":{\"@type\":\"PropertyValueSpecification\",\"valueRequired\":true,\"valueName\":\"search_term_string\"}}],\"inLanguage\":\"fr-FR\"}]}<\/script>\n<!-- \/ Yoast SEO plugin. -->","yoast_head_json":{"title":"Mentions l\u00e9gales &amp; vie priv\u00e9e - Elektro Linden","robots":{"index":"index","follow":"follow","max-snippet":"max-snippet:-1","max-image-preview":"max-image-preview:large","max-video-preview":"max-video-preview:-1"},"canonical":"https:\/\/elektro-linden.com\/fr\/mentions-legales-vie-privee\/","og_locale":"fr_FR","og_type":"article","og_title":"Mentions l\u00e9gales &amp; vie priv\u00e9e - Elektro Linden","og_url":"https:\/\/elektro-linden.com\/fr\/mentions-legales-vie-privee\/","og_site_name":"Elektro Linden","article_modified_time":"2019-11-20T08:20:18+00:00","twitter_card":"summary_large_image","twitter_misc":{"Dur\u00e9e de lecture estim\u00e9e":"8 minutes"},"schema":{"@context":"https:\/\/schema.org","@graph":[{"@type":"WebPage","@id":"https:\/\/elektro-linden.com\/fr\/mentions-legales-vie-privee\/","url":"https:\/\/elektro-linden.com\/fr\/mentions-legales-vie-privee\/","name":"Mentions l\u00e9gales &amp; vie priv\u00e9e - Elektro Linden","isPartOf":{"@id":"https:\/\/elektro-linden.com\/#website"},"datePublished":"2019-11-11T12:19:17+00:00","dateModified":"2019-11-20T08:20:18+00:00","breadcrumb":{"@id":"https:\/\/elektro-linden.com\/fr\/mentions-legales-vie-privee\/#breadcrumb"},"inLanguage":"fr-FR","potentialAction":[{"@type":"ReadAction","target":["https:\/\/elektro-linden.com\/fr\/mentions-legales-vie-privee\/"]}]},{"@type":"BreadcrumbList","@id":"https:\/\/elektro-linden.com\/fr\/mentions-legales-vie-privee\/#breadcrumb","itemListElement":[{"@type":"ListItem","position":1,"name":"Startseite","item":"https:\/\/elektro-linden.com\/fr\/"},{"@type":"ListItem","position":2,"name":"Mentions l\u00e9gales &amp; vie priv\u00e9e"}]},{"@type":"WebSite","@id":"https:\/\/elektro-linden.com\/#website","url":"https:\/\/elektro-linden.com\/","name":"Elektro Linden","description":"Ihr Elektropartner aus Ostbelgien","potentialAction":[{"@type":"SearchAction","target":{"@type":"EntryPoint","urlTemplate":"https:\/\/elektro-linden.com\/?s={search_term_string}"},"query-input":{"@type":"PropertyValueSpecification","valueRequired":true,"valueName":"search_term_string"}}],"inLanguage":"fr-FR"}]}},"_links":{"self":[{"href":"https:\/\/elektro-linden.com\/fr\/wp-json\/wp\/v2\/pages\/4526","targetHints":{"allow":["GET"]}}],"collection":[{"href":"https:\/\/elektro-linden.com\/fr\/wp-json\/wp\/v2\/pages"}],"about":[{"href":"https:\/\/elektro-linden.com\/fr\/wp-json\/wp\/v2\/types\/page"}],"author":[{"embeddable":true,"href":"https:\/\/elektro-linden.com\/fr\/wp-json\/wp\/v2\/users\/1"}],"replies":[{"embeddable":true,"href":"https:\/\/elektro-linden.com\/fr\/wp-json\/wp\/v2\/comments?post=4526"}],"version-history":[{"count":4,"href":"https:\/\/elektro-linden.com\/fr\/wp-json\/wp\/v2\/pages\/4526\/revisions"}],"predecessor-version":[{"id":4528,"href":"https:\/\/elektro-linden.com\/fr\/wp-json\/wp\/v2\/pages\/4526\/revisions\/4528"}],"wp:attachment":[{"href":"https:\/\/elektro-linden.com\/fr\/wp-json\/wp\/v2\/media?parent=4526"}],"curies":[{"name":"wp","href":"https:\/\/api.w.org\/{rel}","templated":true}]}}